{"id":792,"date":"2015-11-30T11:40:25","date_gmt":"2015-11-30T10:40:25","guid":{"rendered":"https:\/\/www.adryco.com\/?page_id=792"},"modified":"2015-12-18T10:48:24","modified_gmt":"2015-12-18T09:48:24","slug":"reforma-local-comercial","status":"publish","type":"page","link":"https:\/\/www.adryco.com\/?page_id=792","title":{"rendered":"Reforma Local Comercial"},"content":{"rendered":"<hr \/>\n<h3><strong>Tu negocio y tu local comercial<\/strong><\/h3>\n<p>Despu\u00e9s de mucho tiempo dando vueltas a la idea de negocio que te rondaba la cabeza al final te has decidido.\u00a0Encontrar un local adecuado para tu negocio tampoco ha sido nada f\u00e1cil, pero por fin tienes el local que buscabas. Ahora te toca acometer la\u00a0<strong>reforma del local comercial.<\/strong><\/p>\n<p>Da igual si tu local es<strong><span style=\"color: #000000;\"> una tienda, un restaurante, un gimnasio o un almac\u00e9n<\/span>. <\/strong>En Reforma3 somos especialistas en la reforma de todo tipo de locales comerciales.<\/p>\n<hr \/>\n<h3><strong>Lo importante: Presupuesto y Plazo de entrega<\/strong><\/h3>\n<p>Como en todas la reformas integrales que realizamos, siempre va por delante nuestro <a href=\"http:\/\/www.adryco.com\/reformas-integrales-madrid\/\">compromiso habitual de reforma integral<\/a>. Pero no todas las reformas son iguales y en la <strong>reforma de tu local comercial<\/strong> sabemos justo lo que necesitas:<\/p>\n<p><img loading=\"lazy\" decoding=\"async\" class=\"alignright wp-image-122 size-medium\" src=\"http:\/\/www.adryco.com\/wp-content\/uploads\/2015\/11\/featured_tiendas_65133352_S-300x200.jpg\" alt=\"Fotos reformas locales comerciales y tiendas\" width=\"300\" height=\"200\" srcset=\"https:\/\/www.adryco.com\/wp-content\/uploads\/2015\/11\/featured_tiendas_65133352_S-300x200.jpg 300w, https:\/\/www.adryco.com\/wp-content\/uploads\/2015\/11\/featured_tiendas_65133352_S.jpg 849w\" sizes=\"auto, (max-width: 300px) 100vw, 300px\" \/><\/p>\n<ul>\n<li>Arrancar un negocio no es f\u00e1cil. Hay de invertir mucho dinero y son gastos por todos lados: Por eso te ofrecemos un <span style=\"color: #000000;\"><strong>Presupuesto ajustado a tus necesidades<\/strong><\/span> gratis y sin compromiso.<\/li>\n<li>Tu negocio no puede esperar. Cada d\u00eda que tu local est\u00e1 cerrado est\u00e1s perdiendo una oportunidad de conseguir un nuevo cliente: En Reforma3 <span style=\"color: #000000;\"><strong>nos comprometemos en el plazo<\/strong><\/span> para la finalizaci\u00f3n de la reforma del local en el tiempo pactado.<\/li>\n<\/ul>\n<hr \/>\n<h3>Asesoramiento gratuito para la reforma de tu local<\/h3>\n<p>En Reforma3 somos t\u00e9cnicos y tenemos conocimiento de la normativa que afecta tu local comercial, pudiendo ofrecerte el mejor asesoramiento gratuito para <span style=\"color: #000000;\"><strong>que tu reforma no termine con sorpresas<\/strong><\/span>:<\/p>\n<p><img loading=\"lazy\" decoding=\"async\" class=\"alignleft wp-image-114 size-medium\" src=\"http:\/\/www.adryco.com\/wp-content\/uploads\/2015\/11\/featured_gimnasio_93676199_S-300x200.jpg\" alt=\"Galeria de fotos de gimnasios\" width=\"300\" height=\"200\" srcset=\"https:\/\/www.adryco.com\/wp-content\/uploads\/2015\/11\/featured_gimnasio_93676199_S-300x200.jpg 300w, https:\/\/www.adryco.com\/wp-content\/uploads\/2015\/11\/featured_gimnasio_93676199_S.jpg 849w\" sizes=\"auto, (max-width: 300px) 100vw, 300px\" \/><\/p>\n<ul>\n<li>Te ayudamos en el mejor <span style=\"color: #000000;\"><strong>dise\u00f1o de los espacios<\/strong><\/span><\/li>\n<li>Te asesoramos en la <span style=\"color: #000000;\"><strong>elecci\u00f3n de los materiales<\/strong><\/span> y acabados adecuados a la intensidad de uso que hay en un local comercial y con la mayor durabilidad.<\/li>\n<li>La iluminaci\u00f3n de tu local es muy importante: Te hacemos <span style=\"color: #000000;\"><strong>gratis un estudio y proyecto de iluminaci\u00f3n<\/strong>.<\/span><\/li>\n<li>Te ofrecemos el mejor asesoramiento en las instalaciones (climatizaci\u00f3n, electricidad, etc&#8230;) para <span style=\"color: #000000;\"><strong>que tu factura de electricidad no acabe con tu negocio<\/strong>.<\/span><\/li>\n<li>Gesti\u00f3n y tramitaci\u00f3n de la licencias necesarias en el Ayuntamiento.<\/li>\n<\/ul>\n<hr \/>\n<h3>Servicios adicionales para la reforma de locales comerciales<\/h3>\n<p>Si adem\u00e1s de todo lo mencionado sigues necesitando m\u00e1s, podemos ofrecerte estos servicios adicionales al reformar tu local comercial:<\/p>\n<p><img loading=\"lazy\" decoding=\"async\" class=\"alignright wp-image-118 size-medium\" src=\"http:\/\/www.adryco.com\/wp-content\/uploads\/2015\/11\/featured_restaurante_94619215_S-300x200.jpg\" alt=\"Galer\u00eda fotos reformas Restaurantes\" width=\"300\" height=\"200\" srcset=\"https:\/\/www.adryco.com\/wp-content\/uploads\/2015\/11\/featured_restaurante_94619215_S-300x200.jpg 300w, https:\/\/www.adryco.com\/wp-content\/uploads\/2015\/11\/featured_restaurante_94619215_S.jpg 849w\" sizes=\"auto, (max-width: 300px) 100vw, 300px\" \/><\/p>\n<ul>\n<li>Redacci\u00f3n y elaboraci\u00f3n de <span style=\"color: #000000;\"><strong>proyectos arquitect\u00f3nicos y de instalaciones<\/strong><\/span> necesarios para la apertura.<\/li>\n<li>Si necesitas <span style=\"color: #000000;\"><strong>dar un toque profesional a la decoraci\u00f3n del interior de tu local<\/strong><\/span>, Reforma3 colabora con estudios de decoraci\u00f3n de nuestra m\u00e1xima confianza que te pueden ayudar y ofrecerte el mejor servicio.<\/li>\n<li>Elaboraci\u00f3n de la <span style=\"color: #000000;\"><strong>imagen de marca de la tienda<\/strong><\/span> as\u00ed como el merchadising (bolsas, logotipos, etc&#8230;).<\/li>\n<\/ul>\n<p>&nbsp;<\/p>\n<p>Si necesitas una empresa seria\u00a0para la reforma de local comercial en Madrid, no dudes en <a href=\"http:\/\/www.adryco.com\/presupuesto-reforma-integral\/\">contactar con nosotros<\/a> para solicitar nuestro asesoramiento gratuito.<\/p>\n<p style=\"text-align: center;\"><a class=\"button\" href=\"http:\/\/www.adryco.com\/presupuesto-reforma-integral\/\">Presupuesto Reforma Local Comercial<\/a><\/p>\n<h3><\/h3>\n","protected":false},"excerpt":{"rendered":"<p>Tu negocio y tu local comercial Despu\u00e9s de mucho tiempo dando vueltas a la idea de negocio que te rondaba la cabeza al final te has decidido.\u00a0Encontrar un local adecuado para tu negocio tampoco ha sido nada f\u00e1cil, pero por fin tienes el local que buscabas. Ahora te toca acometer la\u00a0reforma del local comercial. Da [&hellip;]<\/p>\n","protected":false},"author":1,"featured_media":0,"parent":779,"menu_order":0,"comment_status":"closed","ping_status":"closed","template":"","meta":{"_monsterinsights_skip_tracking":false,"_monsterinsights_sitenote_active":false,"_monsterinsights_sitenote_note":"","_monsterinsights_sitenote_category":0,"footnotes":""},"class_list":{"0":"post-792","1":"page","2":"type-page","3":"status-publish","5":"entry","6":"has-post-thumbnail"},"yoast_head":"<!-- This site is optimized with the Yoast SEO plugin v26.6 - https:\/\/yoast.com\/wordpress\/plugins\/seo\/ -->\n<title>Reforma Local Comercial | Reforma3<\/title>\n<meta name=\"description\" content=\"Hacemos tu reforma de local comercial en Madrid con el precio y plazo garantizados. Adem\u00e1s de nuestro asesoramiento gratuito. Cont\u00e1ctanos sin compromiso.\" \/>\n<meta name=\"robots\" content=\"index, follow, max-snippet:-1, max-image-preview:large, max-video-preview:-1\" \/>\n<link rel=\"canonical\" href=\"https:\/\/www.adryco.com\/?page_id=792\" \/>\n<meta property=\"og:locale\" content=\"en_US\" \/>\n<meta property=\"og:type\" content=\"article\" \/>\n<meta property=\"og:title\" content=\"Reforma Local Comercial | Reforma3\" \/>\n<meta property=\"og:description\" content=\"Hacemos tu reforma de local comercial en Madrid con el precio y plazo garantizados. Adem\u00e1s de nuestro asesoramiento gratuito. Cont\u00e1ctanos sin compromiso.\" \/>\n<meta property=\"og:url\" content=\"https:\/\/www.adryco.com\/?page_id=792\" \/>\n<meta property=\"og:site_name\" content=\"Reforma 3\" \/>\n<meta property=\"article:modified_time\" content=\"2015-12-18T09:48:24+00:00\" \/>\n<meta property=\"og:image\" content=\"http:\/\/www.adryco.com\/wp-content\/uploads\/2015\/11\/featured_tiendas_65133352_S-300x200.jpg\" \/>\n<meta name=\"twitter:card\" content=\"summary_large_image\" \/>\n<meta name=\"twitter:label1\" content=\"Est. reading time\" \/>\n\t<meta name=\"twitter:data1\" content=\"2 minutes\" \/>\n<script type=\"application\/ld+json\" class=\"yoast-schema-graph\">{\"@context\":\"https:\/\/schema.org\",\"@graph\":[{\"@type\":\"WebPage\",\"@id\":\"https:\/\/www.adryco.com\/?page_id=792\",\"url\":\"https:\/\/www.adryco.com\/?page_id=792\",\"name\":\"Reforma Local Comercial | Reforma3\",\"isPartOf\":{\"@id\":\"https:\/\/www.adryco.com\/#website\"},\"primaryImageOfPage\":{\"@id\":\"https:\/\/www.adryco.com\/?page_id=792#primaryimage\"},\"image\":{\"@id\":\"https:\/\/www.adryco.com\/?page_id=792#primaryimage\"},\"thumbnailUrl\":\"http:\/\/www.adryco.com\/wp-content\/uploads\/2015\/11\/featured_tiendas_65133352_S-300x200.jpg\",\"datePublished\":\"2015-11-30T10:40:25+00:00\",\"dateModified\":\"2015-12-18T09:48:24+00:00\",\"description\":\"Hacemos tu reforma de local comercial en Madrid con el precio y plazo garantizados. Adem\u00e1s de nuestro asesoramiento gratuito. Cont\u00e1ctanos sin compromiso.\",\"breadcrumb\":{\"@id\":\"https:\/\/www.adryco.com\/?page_id=792#breadcrumb\"},\"inLanguage\":\"en-US\",\"potentialAction\":[{\"@type\":\"ReadAction\",\"target\":[\"https:\/\/www.adryco.com\/?page_id=792\"]}]},{\"@type\":\"ImageObject\",\"inLanguage\":\"en-US\",\"@id\":\"https:\/\/www.adryco.com\/?page_id=792#primaryimage\",\"url\":\"https:\/\/www.adryco.com\/wp-content\/uploads\/2015\/11\/featured_tiendas_65133352_S.jpg\",\"contentUrl\":\"https:\/\/www.adryco.com\/wp-content\/uploads\/2015\/11\/featured_tiendas_65133352_S.jpg\",\"width\":849,\"height\":566,\"caption\":\"Locales comerciales y tiendas\"},{\"@type\":\"BreadcrumbList\",\"@id\":\"https:\/\/www.adryco.com\/?page_id=792#breadcrumb\",\"itemListElement\":[{\"@type\":\"ListItem\",\"position\":1,\"name\":\"Home\",\"item\":\"https:\/\/www.adryco.com\/\"},{\"@type\":\"ListItem\",\"position\":2,\"name\":\"Reformas Integrales Madrid\",\"item\":\"https:\/\/www.adryco.com\/?page_id=779\"},{\"@type\":\"ListItem\",\"position\":3,\"name\":\"Reforma Local Comercial\"}]},{\"@type\":\"WebSite\",\"@id\":\"https:\/\/www.adryco.com\/#website\",\"url\":\"https:\/\/www.adryco.com\/\",\"name\":\"Reforma 3\",\"description\":\"Reformas integrales de calidad\",\"potentialAction\":[{\"@type\":\"SearchAction\",\"target\":{\"@type\":\"EntryPoint\",\"urlTemplate\":\"https:\/\/www.adryco.com\/?s={search_term_string}\"},\"query-input\":{\"@type\":\"PropertyValueSpecification\",\"valueRequired\":true,\"valueName\":\"search_term_string\"}}],\"inLanguage\":\"en-US\"}]}<\/script>\n<!-- \/ Yoast SEO plugin. -->","yoast_head_json":{"title":"Reforma Local Comercial | Reforma3","description":"Hacemos tu reforma de local comercial en Madrid con el precio y plazo garantizados. Adem\u00e1s de nuestro asesoramiento gratuito. Cont\u00e1ctanos sin compromiso.","robots":{"index":"index","follow":"follow","max-snippet":"max-snippet:-1","max-image-preview":"max-image-preview:large","max-video-preview":"max-video-preview:-1"},"canonical":"https:\/\/www.adryco.com\/?page_id=792","og_locale":"en_US","og_type":"article","og_title":"Reforma Local Comercial | Reforma3","og_description":"Hacemos tu reforma de local comercial en Madrid con el precio y plazo garantizados. Adem\u00e1s de nuestro asesoramiento gratuito. Cont\u00e1ctanos sin compromiso.","og_url":"https:\/\/www.adryco.com\/?page_id=792","og_site_name":"Reforma 3","article_modified_time":"2015-12-18T09:48:24+00:00","og_image":[{"url":"http:\/\/www.adryco.com\/wp-content\/uploads\/2015\/11\/featured_tiendas_65133352_S-300x200.jpg","type":"","width":"","height":""}],"twitter_card":"summary_large_image","twitter_misc":{"Est. reading time":"2 minutes"},"schema":{"@context":"https:\/\/schema.org","@graph":[{"@type":"WebPage","@id":"https:\/\/www.adryco.com\/?page_id=792","url":"https:\/\/www.adryco.com\/?page_id=792","name":"Reforma Local Comercial | Reforma3","isPartOf":{"@id":"https:\/\/www.adryco.com\/#website"},"primaryImageOfPage":{"@id":"https:\/\/www.adryco.com\/?page_id=792#primaryimage"},"image":{"@id":"https:\/\/www.adryco.com\/?page_id=792#primaryimage"},"thumbnailUrl":"http:\/\/www.adryco.com\/wp-content\/uploads\/2015\/11\/featured_tiendas_65133352_S-300x200.jpg","datePublished":"2015-11-30T10:40:25+00:00","dateModified":"2015-12-18T09:48:24+00:00","description":"Hacemos tu reforma de local comercial en Madrid con el precio y plazo garantizados. Adem\u00e1s de nuestro asesoramiento gratuito. Cont\u00e1ctanos sin compromiso.","breadcrumb":{"@id":"https:\/\/www.adryco.com\/?page_id=792#breadcrumb"},"inLanguage":"en-US","potentialAction":[{"@type":"ReadAction","target":["https:\/\/www.adryco.com\/?page_id=792"]}]},{"@type":"ImageObject","inLanguage":"en-US","@id":"https:\/\/www.adryco.com\/?page_id=792#primaryimage","url":"https:\/\/www.adryco.com\/wp-content\/uploads\/2015\/11\/featured_tiendas_65133352_S.jpg","contentUrl":"https:\/\/www.adryco.com\/wp-content\/uploads\/2015\/11\/featured_tiendas_65133352_S.jpg","width":849,"height":566,"caption":"Locales comerciales y tiendas"},{"@type":"BreadcrumbList","@id":"https:\/\/www.adryco.com\/?page_id=792#breadcrumb","itemListElement":[{"@type":"ListItem","position":1,"name":"Home","item":"https:\/\/www.adryco.com\/"},{"@type":"ListItem","position":2,"name":"Reformas Integrales Madrid","item":"https:\/\/www.adryco.com\/?page_id=779"},{"@type":"ListItem","position":3,"name":"Reforma Local Comercial"}]},{"@type":"WebSite","@id":"https:\/\/www.adryco.com\/#website","url":"https:\/\/www.adryco.com\/","name":"Reforma 3","description":"Reformas integrales de calidad","potentialAction":[{"@type":"SearchAction","target":{"@type":"EntryPoint","urlTemplate":"https:\/\/www.adryco.com\/?s={search_term_string}"},"query-input":{"@type":"PropertyValueSpecification","valueRequired":true,"valueName":"search_term_string"}}],"inLanguage":"en-US"}]}},"_links":{"self":[{"href":"https:\/\/www.adryco.com\/index.php?rest_route=\/wp\/v2\/pages\/792","targetHints":{"allow":["GET"]}}],"collection":[{"href":"https:\/\/www.adryco.com\/index.php?rest_route=\/wp\/v2\/pages"}],"about":[{"href":"https:\/\/www.adryco.com\/index.php?rest_route=\/wp\/v2\/types\/page"}],"author":[{"embeddable":true,"href":"https:\/\/www.adryco.com\/index.php?rest_route=\/wp\/v2\/users\/1"}],"replies":[{"embeddable":true,"href":"https:\/\/www.adryco.com\/index.php?rest_route=%2Fwp%2Fv2%2Fcomments&post=792"}],"version-history":[{"count":19,"href":"https:\/\/www.adryco.com\/index.php?rest_route=\/wp\/v2\/pages\/792\/revisions"}],"predecessor-version":[{"id":968,"href":"https:\/\/www.adryco.com\/index.php?rest_route=\/wp\/v2\/pages\/792\/revisions\/968"}],"up":[{"embeddable":true,"href":"https:\/\/www.adryco.com\/index.php?rest_route=\/wp\/v2\/pages\/779"}],"wp:attachment":[{"href":"https:\/\/www.adryco.com\/index.php?rest_route=%2Fwp%2Fv2%2Fmedia&parent=792"}],"curies":[{"name":"wp","href":"https:\/\/api.w.org\/{rel}","templated":true}]}}